{"id":2046,"date":"2023-06-24T04:46:25","date_gmt":"2023-06-24T04:46:25","guid":{"rendered":"https:\/\/seminariotunja.com.co\/?page_id=2046"},"modified":"2026-03-06T13:27:18","modified_gmt":"2026-03-06T13:27:18","slug":"simbolos","status":"publish","type":"page","link":"https:\/\/seminariotunja.com.co\/index.php\/simbolos\/","title":{"rendered":"Simbolos"},"content":{"rendered":"\t\t<div data-elementor-type=\"wp-page\" data-elementor-id=\"2046\" class=\"elementor elementor-2046\">\n\t\t\t\t<div class=\"elementor-element elementor-element-5bdb9f6 e-flex e-con-boxed e-con e-parent\" data-id=\"5bdb9f6\" data-element_type=\"container\">\n\t\t\t\t\t<div class=\"e-con-inner\">\n\t\t\t\t<div class=\"elementor-element elementor-element-8be79f7 elementor-invisible elementor-widget elementor-widget-heading\" data-id=\"8be79f7\" data-element_type=\"widget\" data-settings=\"{&quot;_animation&quot;:&quot;fadeIn&quot;}\" data-widget_type=\"heading.default\">\n\t\t\t\t<div class=\"elementor-widget-container\">\n\t\t\t<style>\/*! elementor - v3.23.0 - 05-08-2024 *\/\n.elementor-heading-title{padding:0;margin:0;line-height:1}.elementor-widget-heading .elementor-heading-title[class*=elementor-size-]>a{color:inherit;font-size:inherit;line-height:inherit}.elementor-widget-heading .elementor-heading-title.elementor-size-small{font-size:15px}.elementor-widget-heading .elementor-heading-title.elementor-size-medium{font-size:19px}.elementor-widget-heading .elementor-heading-title.elementor-size-large{font-size:29px}.elementor-widget-heading .elementor-heading-title.elementor-size-xl{font-size:39px}.elementor-widget-heading .elementor-heading-title.elementor-size-xxl{font-size:59px}<\/style><h2 class=\"elementor-heading-title elementor-size-default\">BANDERA SEMINARIO CONCILIAR TUNJA<\/h2>\t\t<\/div>\n\t\t\t\t<\/div>\n\t\t\t\t\t<\/div>\n\t\t\t\t<\/div>\n\t\t<div class=\"elementor-element elementor-element-212ae2c e-grid e-con-boxed elementor-invisible e-con e-parent\" data-id=\"212ae2c\" data-element_type=\"container\" data-settings=\"{&quot;animation&quot;:&quot;fadeIn&quot;}\">\n\t\t\t\t\t<div class=\"e-con-inner\">\n\t\t\t\t<div class=\"elementor-element elementor-element-1a8bc22 elementor-widget elementor-widget-image\" data-id=\"1a8bc22\" data-element_type=\"widget\" data-widget_type=\"image.default\">\n\t\t\t\t<div class=\"elementor-widget-container\">\n\t\t\t<style>\/*! elementor - v3.23.0 - 05-08-2024 *\/\n.elementor-widget-image{text-align:center}.elementor-widget-image a{display:inline-block}.elementor-widget-image a img[src$=\".svg\"]{width:48px}.elementor-widget-image img{vertical-align:middle;display:inline-block}<\/style>\t\t\t\t\t\t\t\t\t\t<img fetchpriority=\"high\" decoding=\"async\" width=\"1024\" height=\"576\" src=\"https:\/\/seminariotunja.com.co\/wp-content\/uploads\/2023\/06\/Bandera-seminario-1024x576.png\" class=\"attachment-large size-large wp-image-2047\" alt=\"\" srcset=\"https:\/\/seminariotunja.com.co\/wp-content\/uploads\/2023\/06\/Bandera-seminario-1024x576.png 1024w, https:\/\/seminariotunja.com.co\/wp-content\/uploads\/2023\/06\/Bandera-seminario-300x169.png 300w, https:\/\/seminariotunja.com.co\/wp-content\/uploads\/2023\/06\/Bandera-seminario-768x432.png 768w, https:\/\/seminariotunja.com.co\/wp-content\/uploads\/2023\/06\/Bandera-seminario-1000x563.png 1000w, https:\/\/seminariotunja.com.co\/wp-content\/uploads\/2023\/06\/Bandera-seminario-230x129.png 230w, https:\/\/seminariotunja.com.co\/wp-content\/uploads\/2023\/06\/Bandera-seminario-350x197.png 350w, https:\/\/seminariotunja.com.co\/wp-content\/uploads\/2023\/06\/Bandera-seminario-480x270.png 480w, https:\/\/seminariotunja.com.co\/wp-content\/uploads\/2023\/06\/Bandera-seminario.png 1280w\" sizes=\"(max-width: 1024px) 100vw, 1024px\" \/>\t\t\t\t\t\t\t\t\t\t\t\t\t<\/div>\n\t\t\t\t<\/div>\n\t\t<div class=\"elementor-element elementor-element-58eb182 e-flex e-con-boxed e-con e-child\" data-id=\"58eb182\" data-element_type=\"container\">\n\t\t\t\t\t<div class=\"e-con-inner\">\n\t\t<div class=\"elementor-element elementor-element-2ee3878 e-flex e-con-boxed e-con e-child\" data-id=\"2ee3878\" data-element_type=\"container\">\n\t\t\t\t\t<div class=\"e-con-inner\">\n\t\t\t\t<div class=\"elementor-element elementor-element-326d5d4 elementor-widget elementor-widget-heading\" data-id=\"326d5d4\" data-element_type=\"widget\" data-widget_type=\"heading.default\">\n\t\t\t\t<div class=\"elementor-widget-container\">\n\t\t\t<h2 class=\"elementor-heading-title elementor-size-default\">DESCRIPCI\u00d3N HER\u00c1LDICA<\/h2>\t\t<\/div>\n\t\t\t\t<\/div>\n\t\t\t\t<div class=\"elementor-element elementor-element-7c1b6b8 elementor-widget elementor-widget-text-editor\" data-id=\"7c1b6b8\" data-element_type=\"widget\" data-widget_type=\"text-editor.default\">\n\t\t\t\t<div class=\"elementor-widget-container\">\n\t\t\t<style>\/*! elementor - v3.23.0 - 05-08-2024 *\/\n.elementor-widget-text-editor.elementor-drop-cap-view-stacked .elementor-drop-cap{background-color:#69727d;color:#fff}.elementor-widget-text-editor.elementor-drop-cap-view-framed .elementor-drop-cap{color:#69727d;border:3px solid;background-color:transparent}.elementor-widget-text-editor:not(.elementor-drop-cap-view-default) .elementor-drop-cap{margin-top:8px}.elementor-widget-text-editor:not(.elementor-drop-cap-view-default) .elementor-drop-cap-letter{width:1em;height:1em}.elementor-widget-text-editor .elementor-drop-cap{float:left;text-align:center;line-height:1;font-size:50px}.elementor-widget-text-editor .elementor-drop-cap-letter{display:inline-block}<\/style>\t\t\t\t<p style=\"text-align: justify;\">La bandera del Seminario Conciliar de Tunja, posee forma rectangular s\u00edmbolo de identidad, orgullo y pertenencia a esta instituci\u00f3n emblem\u00e1tica. Tiene tres campos de colores: Amarillo, negro y blanco. Sobre ella yace el escudo\u00a0institucional, rodeado por una inscripci\u00f3n latina que reza <strong><em>(Sapientia aedificavit sibi domum),<\/em><\/strong> cuya traducci\u00f3n al castellano es <strong><em>\u201c<\/em><\/strong><strong><em>La sabidur\u00eda ha edificado para s\u00ed esta casa<\/em><\/strong><strong><em>\u201d <\/em><\/strong>(Proverbios 9, 1), en honor al escudo esculpido en la entrada del primer seminario mayor construido entre 1891 -1896, y cuya insignia identifica esta casa de formaci\u00f3n de los candidatos al ministerio Sacerdotal.<\/p>\t\t\t\t\t\t<\/div>\n\t\t\t\t<\/div>\n\t\t\t\t\t<\/div>\n\t\t\t\t<\/div>\n\t\t\t\t\t<\/div>\n\t\t\t\t<\/div>\n\t\t\t\t\t<\/div>\n\t\t\t\t<\/div>\n\t\t<div class=\"elementor-element elementor-element-8b003e4 e-flex e-con-boxed elementor-invisible e-con e-parent\" data-id=\"8b003e4\" data-element_type=\"container\" data-settings=\"{&quot;animation&quot;:&quot;fadeInDown&quot;}\">\n\t\t\t\t\t<div class=\"e-con-inner\">\n\t\t\t\t<div class=\"elementor-element elementor-element-760db9d elementor-invisible elementor-widget elementor-widget-toggle\" data-id=\"760db9d\" data-element_type=\"widget\" data-settings=\"{&quot;_animation&quot;:&quot;fadeInUp&quot;}\" data-widget_type=\"toggle.default\">\n\t\t\t\t<div class=\"elementor-widget-container\">\n\t\t\t<style>\/*! elementor - v3.23.0 - 05-08-2024 *\/\n.elementor-toggle{text-align:start}.elementor-toggle .elementor-tab-title{font-weight:700;line-height:1;margin:0;padding:15px;border-bottom:1px solid #d5d8dc;cursor:pointer;outline:none}.elementor-toggle .elementor-tab-title .elementor-toggle-icon{display:inline-block;width:1em}.elementor-toggle .elementor-tab-title .elementor-toggle-icon svg{margin-inline-start:-5px;width:1em;height:1em}.elementor-toggle .elementor-tab-title .elementor-toggle-icon.elementor-toggle-icon-right{float:right;text-align:right}.elementor-toggle .elementor-tab-title .elementor-toggle-icon.elementor-toggle-icon-left{float:left;text-align:left}.elementor-toggle .elementor-tab-title .elementor-toggle-icon .elementor-toggle-icon-closed{display:block}.elementor-toggle .elementor-tab-title .elementor-toggle-icon .elementor-toggle-icon-opened{display:none}.elementor-toggle .elementor-tab-title.elementor-active{border-bottom:none}.elementor-toggle .elementor-tab-title.elementor-active .elementor-toggle-icon-closed{display:none}.elementor-toggle .elementor-tab-title.elementor-active .elementor-toggle-icon-opened{display:block}.elementor-toggle .elementor-tab-content{padding:15px;border-bottom:1px solid #d5d8dc;display:none}@media (max-width:767px){.elementor-toggle .elementor-tab-title{padding:12px}.elementor-toggle .elementor-tab-content{padding:12px 10px}}.e-con-inner>.elementor-widget-toggle,.e-con>.elementor-widget-toggle{width:var(--container-widget-width);--flex-grow:var(--container-widget-flex-grow)}<\/style>\t\t<div class=\"elementor-toggle\">\n\t\t\t\t\t\t\t<div class=\"elementor-toggle-item\">\n\t\t\t\t\t<div id=\"elementor-tab-title-1231\" class=\"elementor-tab-title\" data-tab=\"1\" role=\"button\" aria-controls=\"elementor-tab-content-1231\" aria-expanded=\"false\">\n\t\t\t\t\t\t\t\t\t\t\t\t<span class=\"elementor-toggle-icon elementor-toggle-icon-left\" aria-hidden=\"true\">\n\t\t\t\t\t\t\t\t\t\t\t\t\t\t\t<span class=\"elementor-toggle-icon-closed\"><svg class=\"e-font-icon-svg e-fas-caret-right\" viewBox=\"0 0 192 512\" xmlns=\"http:\/\/www.w3.org\/2000\/svg\"><path d=\"M0 384.662V127.338c0-17.818 21.543-26.741 34.142-14.142l128.662 128.662c7.81 7.81 7.81 20.474 0 28.284L34.142 398.804C21.543 411.404 0 402.48 0 384.662z\"><\/path><\/svg><\/span>\n\t\t\t\t\t\t\t\t<span class=\"elementor-toggle-icon-opened\"><svg class=\"elementor-toggle-icon-opened e-font-icon-svg e-fas-caret-up\" viewBox=\"0 0 320 512\" xmlns=\"http:\/\/www.w3.org\/2000\/svg\"><path d=\"M288.662 352H31.338c-17.818 0-26.741-21.543-14.142-34.142l128.662-128.662c7.81-7.81 20.474-7.81 28.284 0l128.662 128.662c12.6 12.599 3.676 34.142-14.142 34.142z\"><\/path><\/svg><\/span>\n\t\t\t\t\t\t\t\t\t\t\t\t\t<\/span>\n\t\t\t\t\t\t\t\t\t\t\t\t<a class=\"elementor-toggle-title\" tabindex=\"0\">Franja Amarilla<\/a>\n\t\t\t\t\t<\/div>\n\n\t\t\t\t\t<div id=\"elementor-tab-content-1231\" class=\"elementor-tab-content elementor-clearfix\" data-tab=\"1\" role=\"region\" aria-labelledby=\"elementor-tab-title-1231\">representa a Jes\u00fas \u201cLuz del Mundo\u201d, s\u00edmbolo de la revelaci\u00f3n de Dios y de su presencia en la historia de la humanidad. Es una visi\u00f3n exquisitamente simb\u00f3lica destinada a exaltar en cada uno de los candidatos, la revelaci\u00f3n y la comuni\u00f3n entre la trascendencia divina y la realidad hist\u00f3rica humana. Escenario ya expresado en el libro del\n<<i>Apocalipsis<\/i>\n, donde describe la ciudad ideal del futuro escatol\u00f3gico perfecto, la Jerusal\u00e9n Nueva y Celeste, que proclama: \u201cNo habr\u00e1 m\u00e1s noche y no se necesitar\u00e1n m\u00e1s luz de l\u00e1mpara ni luz del sol, porque el Se\u00f1or Dios los alumbrar\u00e1\u201d (Ap 22, 5).\u00a0Sol que nace de lo alto y sabidur\u00eda divina que se comunica a los hombres de buena voluntad para expresar la comuni\u00f3n de la humanidad con Dios dando paso al verdadero encuentro con el supremo Pastor.<\/div>\n\t\t\t\t<\/div>\n\t\t\t\t\t\t\t<div class=\"elementor-toggle-item\">\n\t\t\t\t\t<div id=\"elementor-tab-title-1232\" class=\"elementor-tab-title\" data-tab=\"2\" role=\"button\" aria-controls=\"elementor-tab-content-1232\" aria-expanded=\"false\">\n\t\t\t\t\t\t\t\t\t\t\t\t<span class=\"elementor-toggle-icon elementor-toggle-icon-left\" aria-hidden=\"true\">\n\t\t\t\t\t\t\t\t\t\t\t\t\t\t\t<span class=\"elementor-toggle-icon-closed\"><svg class=\"e-font-icon-svg e-fas-caret-right\" viewBox=\"0 0 192 512\" xmlns=\"http:\/\/www.w3.org\/2000\/svg\"><path d=\"M0 384.662V127.338c0-17.818 21.543-26.741 34.142-14.142l128.662 128.662c7.81 7.81 7.81 20.474 0 28.284L34.142 398.804C21.543 411.404 0 402.48 0 384.662z\"><\/path><\/svg><\/span>\n\t\t\t\t\t\t\t\t<span class=\"elementor-toggle-icon-opened\"><svg class=\"elementor-toggle-icon-opened e-font-icon-svg e-fas-caret-up\" viewBox=\"0 0 320 512\" xmlns=\"http:\/\/www.w3.org\/2000\/svg\"><path d=\"M288.662 352H31.338c-17.818 0-26.741-21.543-14.142-34.142l128.662-128.662c7.81-7.81 20.474-7.81 28.284 0l128.662 128.662c12.6 12.599 3.676 34.142-14.142 34.142z\"><\/path><\/svg><\/span>\n\t\t\t\t\t\t\t\t\t\t\t\t\t<\/span>\n\t\t\t\t\t\t\t\t\t\t\t\t<a class=\"elementor-toggle-title\" tabindex=\"0\">Franja Negra<\/a>\n\t\t\t\t\t<\/div>\n\n\t\t\t\t\t<div id=\"elementor-tab-content-1232\" class=\"elementor-tab-content elementor-clearfix\" data-tab=\"2\" role=\"region\" aria-labelledby=\"elementor-tab-title-1232\"><p>Es signo de austeridad y pobreza, de renuncia a todas las vanidades del mundo y a los propios gustos, para s\u00f3lo vivir e identificarse con Cristo, y olvidarse de todo proyecto personal, de quienes han elegido seguir a Cristo. Indica propiamente la pertenencia a Jes\u00fas, quien ha llamado personalmente al seminarista dici\u00e9ndole \u201cven y s\u00edgueme\u201d (Mt. 9, 9).<\/p><p>Adem\u00e1s, recuerda el compromiso y la responsabilidad que tiene con Dios y con la Iglesia, para ser un hombre que gu\u00ede a los dem\u00e1s con su palabra y testimonio, que est\u00e9 pronto al servicio para con todos especialmente con el pobre y el enfermo y as\u00ed se configure d\u00eda a d\u00eda con Jes\u00fas Buen Pastor.<\/p><\/div>\n\t\t\t\t<\/div>\n\t\t\t\t\t\t\t<div class=\"elementor-toggle-item\">\n\t\t\t\t\t<div id=\"elementor-tab-title-1233\" class=\"elementor-tab-title\" data-tab=\"3\" role=\"button\" aria-controls=\"elementor-tab-content-1233\" aria-expanded=\"false\">\n\t\t\t\t\t\t\t\t\t\t\t\t<span class=\"elementor-toggle-icon elementor-toggle-icon-left\" aria-hidden=\"true\">\n\t\t\t\t\t\t\t\t\t\t\t\t\t\t\t<span class=\"elementor-toggle-icon-closed\"><svg class=\"e-font-icon-svg e-fas-caret-right\" viewBox=\"0 0 192 512\" xmlns=\"http:\/\/www.w3.org\/2000\/svg\"><path d=\"M0 384.662V127.338c0-17.818 21.543-26.741 34.142-14.142l128.662 128.662c7.81 7.81 7.81 20.474 0 28.284L34.142 398.804C21.543 411.404 0 402.48 0 384.662z\"><\/path><\/svg><\/span>\n\t\t\t\t\t\t\t\t<span class=\"elementor-toggle-icon-opened\"><svg class=\"elementor-toggle-icon-opened e-font-icon-svg e-fas-caret-up\" viewBox=\"0 0 320 512\" xmlns=\"http:\/\/www.w3.org\/2000\/svg\"><path d=\"M288.662 352H31.338c-17.818 0-26.741-21.543-14.142-34.142l128.662-128.662c7.81-7.81 20.474-7.81 28.284 0l128.662 128.662c12.6 12.599 3.676 34.142-14.142 34.142z\"><\/path><\/svg><\/span>\n\t\t\t\t\t\t\t\t\t\t\t\t\t<\/span>\n\t\t\t\t\t\t\t\t\t\t\t\t<a class=\"elementor-toggle-title\" tabindex=\"0\">Franja Blanca<\/a>\n\t\t\t\t\t<\/div>\n\n\t\t\t\t\t<div id=\"elementor-tab-content-1233\" class=\"elementor-tab-content elementor-clearfix\" data-tab=\"3\" role=\"region\" aria-labelledby=\"elementor-tab-title-1233\"><p>Representa la victoria de Cristo sobre la muerte y la pureza de quienes han sido llamados a formarse como disc\u00edpulos misioneros en esta instituci\u00f3n signo de la aut\u00e9ntica\u00a0dignidad de cristianos. Es s\u00edmbolo del ramillete de virtudes propias de quienes hacen parte de este llamado vocacional como: la verdad, la fe, la sinceridad, la inocencia, la espiritualidad, la dignidad de los aut\u00e9nticos hijos de Dios y el tiempo de\u00a0j\u00fabilo y paz.<\/p><\/div>\n\t\t\t\t<\/div>\n\t\t\t\t\t\t\t\t<\/div>\n\t\t\t\t<\/div>\n\t\t\t\t<\/div>\n\t\t\t\t\t<\/div>\n\t\t\t\t<\/div>\n\t\t<div class=\"elementor-element elementor-element-d26abd0 e-con-full e-flex elementor-invisible e-con e-parent\" data-id=\"d26abd0\" data-element_type=\"container\" data-settings=\"{&quot;animation&quot;:&quot;fadeInDown&quot;}\">\n\t\t<div class=\"elementor-element elementor-element-cb8367b e-con-full e-flex e-con e-child\" data-id=\"cb8367b\" data-element_type=\"container\">\n\t\t<div class=\"elementor-element elementor-element-1a4ece6 e-con-full e-flex e-con e-child\" data-id=\"1a4ece6\" data-element_type=\"container\">\n\t\t\t\t<div class=\"elementor-element elementor-element-371d46d elementor-widget__width-initial elementor-widget elementor-widget-image\" data-id=\"371d46d\" data-element_type=\"widget\" data-widget_type=\"image.default\">\n\t\t\t\t<div class=\"elementor-widget-container\">\n\t\t\t\t\t\t\t\t\t\t\t\t\t<img decoding=\"async\" width=\"150\" height=\"150\" src=\"https:\/\/seminariotunja.com.co\/wp-content\/uploads\/2025\/07\/FOTO-JORGE-150x150.jpg\" class=\"attachment-thumbnail size-thumbnail wp-image-4314\" alt=\"\" \/>\t\t\t\t\t\t\t\t\t\t\t\t\t<\/div>\n\t\t\t\t<\/div>\n\t\t\t\t<\/div>\n\t\t<div class=\"elementor-element elementor-element-0eda62a e-con-full e-flex e-con e-child\" data-id=\"0eda62a\" data-element_type=\"container\">\n\t\t\t\t<div class=\"elementor-element elementor-element-3137d25 elementor-widget__width-initial elementor-widget elementor-widget-heading\" data-id=\"3137d25\" data-element_type=\"widget\" data-widget_type=\"heading.default\">\n\t\t\t\t<div class=\"elementor-widget-container\">\n\t\t\t<h6 class=\"elementor-heading-title elementor-size-default\">Autor<\/h6>\t\t<\/div>\n\t\t\t\t<\/div>\n\t\t\t\t<div class=\"elementor-element elementor-element-579569d elementor-widget elementor-widget-text-editor\" data-id=\"579569d\" data-element_type=\"widget\" data-widget_type=\"text-editor.default\">\n\t\t\t\t<div class=\"elementor-widget-container\">\n\t\t\t\t\t\t\t<p>Jorge Enrique Galvis Sep\u00falveda. Pbro.<br \/><b>Rector Seminario Conciliar<\/b><br \/>Tunja, Boyac\u00e1<\/p>\t\t\t\t\t\t<\/div>\n\t\t\t\t<\/div>\n\t\t\t\t<\/div>\n\t\t\t\t<\/div>\n\t\t\t\t<\/div>\n\t\t<div class=\"elementor-element elementor-element-d57df32 e-flex e-con-boxed e-con e-parent\" data-id=\"d57df32\" data-element_type=\"container\">\n\t\t\t\t\t<div class=\"e-con-inner\">\n\t\t\t\t<div class=\"elementor-element elementor-element-ed3c87e elementor-invisible elementor-widget elementor-widget-heading\" data-id=\"ed3c87e\" data-element_type=\"widget\" data-settings=\"{&quot;_animation&quot;:&quot;fadeIn&quot;}\" data-widget_type=\"heading.default\">\n\t\t\t\t<div class=\"elementor-widget-container\">\n\t\t\t<h2 class=\"elementor-heading-title elementor-size-default\">HIMNO SEMINARIO CONCILIAR DE TUNJA<\/h2>\t\t<\/div>\n\t\t\t\t<\/div>\n\t\t\t\t\t<\/div>\n\t\t\t\t<\/div>\n\t\t<div class=\"elementor-element elementor-element-a9bc082 e-flex e-con-boxed e-con e-parent\" data-id=\"a9bc082\" data-element_type=\"container\">\n\t\t\t\t\t<div class=\"e-con-inner\">\n\t\t\t\t<div class=\"elementor-element elementor-element-ffc8d8d elementor-widget elementor-widget-text-editor\" data-id=\"ffc8d8d\" data-element_type=\"widget\" data-widget_type=\"text-editor.default\">\n\t\t\t\t<div class=\"elementor-widget-container\">\n\t\t\t\t\t\t\t<p style=\"text-align: center;\">Sagrado puerto do tranquilo<\/p><p style=\"text-align: center;\">Orienta el barco su tim\u00f3n,<\/p><p style=\"text-align: center;\">Do teje el oro en gr\u00e1cil hilo,<\/p><p style=\"text-align: center;\">La red bendita de Sim\u00f3n (2).<\/p><p>\u00a0<\/p><p style=\"text-align: center;\"><strong>SALUD FELIZ MANSI\u00d3N\u00a0 <\/strong><strong>EN DONDE HABITA <\/strong><\/p><p style=\"text-align: center;\"><strong>EL CORO CELESTIAL DE LA VIRTUD, <\/strong><\/p><p style=\"text-align: center;\"><strong>EN DONDE COMO FLOR CRECE BENDITA <\/strong><\/p><p style=\"text-align: center;\"><strong>BAJO LA LUZ DE DIOS <\/strong><strong>LA JUVENTUD. <\/strong><\/p><p style=\"text-align: center;\"><strong>SALUD FELIZ MANSION EN DONDE VIVE <\/strong><\/p><p style=\"text-align: center;\"><strong>LA CIENCIA QUE AMPAR\u00d3 LA SOLEDAD, <\/strong><\/p><p style=\"text-align: center;\"><strong>Y EN DONDE EL CORAZ\u00d3N JES\u00daS ESCRIBE <\/strong><\/p><p style=\"text-align: center;\"><strong>LA LEY DE AMOR Y DE VERDAD.<\/strong><\/p><p>\u00a0<\/p><p style=\"text-align: center;\">El Coraz\u00f3n bien pronto sabe<\/p><p style=\"text-align: center;\">Al penetrar tu bello umbral<\/p><p style=\"text-align: center;\">Que tu recinto es tan suave<\/p><p style=\"text-align: center;\">Como el regazo maternal. (2).<\/p>\t\t\t\t\t\t<\/div>\n\t\t\t\t<\/div>\n\t\t<div class=\"elementor-element elementor-element-430f4d9 e-flex e-con-boxed e-con e-child\" data-id=\"430f4d9\" data-element_type=\"container\">\n\t\t\t\t\t<div class=\"e-con-inner\">\n\t\t<div class=\"elementor-element elementor-element-848c8fd e-con-full e-flex e-con e-child\" data-id=\"848c8fd\" data-element_type=\"container\">\n\t\t\t\t<div class=\"elementor-element elementor-element-8765b07 elementor-widget__width-initial elementor-widget elementor-widget-image\" data-id=\"8765b07\" data-element_type=\"widget\" data-widget_type=\"image.default\">\n\t\t\t\t<div class=\"elementor-widget-container\">\n\t\t\t\t\t\t\t\t\t\t\t\t\t<img decoding=\"async\" width=\"150\" height=\"150\" src=\"https:\/\/seminariotunja.com.co\/wp-content\/uploads\/2023\/08\/WhatsApp-Image-2023-08-13-at-3.27.45-PM-e1691963941967-150x150.jpeg\" class=\"attachment-thumbnail size-thumbnail wp-image-2649\" alt=\"\" srcset=\"https:\/\/seminariotunja.com.co\/wp-content\/uploads\/2023\/08\/WhatsApp-Image-2023-08-13-at-3.27.45-PM-e1691963941967-150x150.jpeg 150w, https:\/\/seminariotunja.com.co\/wp-content\/uploads\/2023\/08\/WhatsApp-Image-2023-08-13-at-3.27.45-PM-e1691963941967-300x300.jpeg 300w, https:\/\/seminariotunja.com.co\/wp-content\/uploads\/2023\/08\/WhatsApp-Image-2023-08-13-at-3.27.45-PM-e1691963941967-230x230.jpeg 230w, https:\/\/seminariotunja.com.co\/wp-content\/uploads\/2023\/08\/WhatsApp-Image-2023-08-13-at-3.27.45-PM-e1691963941967.jpeg 338w\" sizes=\"(max-width: 150px) 100vw, 150px\" \/>\t\t\t\t\t\t\t\t\t\t\t\t\t<\/div>\n\t\t\t\t<\/div>\n\t\t\t\t<\/div>\n\t\t<div class=\"elementor-element elementor-element-25a52e0 e-con-full e-flex e-con e-child\" data-id=\"25a52e0\" data-element_type=\"container\">\n\t\t\t\t<div class=\"elementor-element elementor-element-73d14df elementor-widget__width-initial elementor-widget elementor-widget-heading\" data-id=\"73d14df\" data-element_type=\"widget\" data-widget_type=\"heading.default\">\n\t\t\t\t<div class=\"elementor-widget-container\">\n\t\t\t<h6 class=\"elementor-heading-title elementor-size-default\">Musicalizaci\u00f3n<\/h6>\t\t<\/div>\n\t\t\t\t<\/div>\n\t\t\t\t<div class=\"elementor-element elementor-element-4cb0925 elementor-widget elementor-widget-text-editor\" data-id=\"4cb0925\" data-element_type=\"widget\" data-widget_type=\"text-editor.default\">\n\t\t\t\t<div class=\"elementor-widget-container\">\n\t\t\t\t\t\t\t<p>Mons. Efra\u00edn Wittingham<br \/><b>(+ 2014)<br \/><\/b><\/p>\t\t\t\t\t\t<\/div>\n\t\t\t\t<\/div>\n\t\t\t\t<\/div>\n\t\t\t\t\t<\/div>\n\t\t\t\t<\/div>\n\t\t\t\t\t<\/div>\n\t\t\t\t<\/div>\n\t\t<div class=\"elementor-element elementor-element-e8aae94 e-flex e-con-boxed e-con e-parent\" data-id=\"e8aae94\" data-element_type=\"container\">\n\t\t\t\t\t<div class=\"e-con-inner\">\n\t\t\t\t<div class=\"elementor-element elementor-element-4931cfe elementor-widget elementor-widget-heading\" data-id=\"4931cfe\" data-element_type=\"widget\" data-widget_type=\"heading.default\">\n\t\t\t\t<div class=\"elementor-widget-container\">\n\t\t\t<h3 class=\"elementor-heading-title elementor-size-default\">DESCRIPCI\u00d3N HER\u00c1LDICA Y TEOL\u00d3GICA DEL ESCUDO SEMINARIO CONCILIAR SAN JOS\u00c9 DE TUNJA<\/h3>\t\t<\/div>\n\t\t\t\t<\/div>\n\t\t\t\t\t<\/div>\n\t\t\t\t<\/div>\n\t\t<div class=\"elementor-element elementor-element-fa986ec e-flex e-con-boxed e-con e-parent\" data-id=\"fa986ec\" data-element_type=\"container\">\n\t\t\t\t\t<div class=\"e-con-inner\">\n\t\t\t\t<div class=\"elementor-element elementor-element-5a781b2 elementor-widget elementor-widget-image\" data-id=\"5a781b2\" data-element_type=\"widget\" data-widget_type=\"image.default\">\n\t\t\t\t<div class=\"elementor-widget-container\">\n\t\t\t\t\t\t\t\t\t\t\t\t\t<img loading=\"lazy\" decoding=\"async\" width=\"300\" height=\"300\" src=\"https:\/\/seminariotunja.com.co\/wp-content\/uploads\/2023\/06\/cropped-logo-seminario-300x300.png\" class=\"attachment-medium size-medium wp-image-2593\" alt=\"\" srcset=\"https:\/\/seminariotunja.com.co\/wp-content\/uploads\/2023\/06\/cropped-logo-seminario-300x300.png 300w, https:\/\/seminariotunja.com.co\/wp-content\/uploads\/2023\/06\/cropped-logo-seminario-150x150.png 150w, https:\/\/seminariotunja.com.co\/wp-content\/uploads\/2023\/06\/cropped-logo-seminario-230x230.png 230w, https:\/\/seminariotunja.com.co\/wp-content\/uploads\/2023\/06\/cropped-logo-seminario-350x350.png 350w, https:\/\/seminariotunja.com.co\/wp-content\/uploads\/2023\/06\/cropped-logo-seminario-480x480.png 480w, https:\/\/seminariotunja.com.co\/wp-content\/uploads\/2023\/06\/cropped-logo-seminario-270x270.png 270w, https:\/\/seminariotunja.com.co\/wp-content\/uploads\/2023\/06\/cropped-logo-seminario-192x192.png 192w, https:\/\/seminariotunja.com.co\/wp-content\/uploads\/2023\/06\/cropped-logo-seminario-180x180.png 180w, https:\/\/seminariotunja.com.co\/wp-content\/uploads\/2023\/06\/cropped-logo-seminario-32x32.png 32w, https:\/\/seminariotunja.com.co\/wp-content\/uploads\/2023\/06\/cropped-logo-seminario.png 512w\" sizes=\"(max-width: 300px) 100vw, 300px\" \/>\t\t\t\t\t\t\t\t\t\t\t\t\t<\/div>\n\t\t\t\t<\/div>\n\t\t\t\t\t<\/div>\n\t\t\t\t<\/div>\n\t\t<div class=\"elementor-element elementor-element-7b80db6 e-flex e-con-boxed e-con e-parent\" data-id=\"7b80db6\" data-element_type=\"container\">\n\t\t\t\t\t<div class=\"e-con-inner\">\n\t\t\t\t<div class=\"elementor-element elementor-element-57cb19f elementor-invisible elementor-widget elementor-widget-toggle\" data-id=\"57cb19f\" data-element_type=\"widget\" data-settings=\"{&quot;_animation&quot;:&quot;fadeInUp&quot;}\" data-widget_type=\"toggle.default\">\n\t\t\t\t<div class=\"elementor-widget-container\">\n\t\t\t\t\t<div class=\"elementor-toggle\">\n\t\t\t\t\t\t\t<div class=\"elementor-toggle-item\">\n\t\t\t\t\t<div id=\"elementor-tab-title-9201\" class=\"elementor-tab-title\" data-tab=\"1\" role=\"button\" aria-controls=\"elementor-tab-content-9201\" aria-expanded=\"false\">\n\t\t\t\t\t\t\t\t\t\t\t\t<span class=\"elementor-toggle-icon elementor-toggle-icon-left\" aria-hidden=\"true\">\n\t\t\t\t\t\t\t\t\t\t\t\t\t\t\t<span class=\"elementor-toggle-icon-closed\"><svg class=\"e-font-icon-svg e-fas-caret-right\" viewBox=\"0 0 192 512\" xmlns=\"http:\/\/www.w3.org\/2000\/svg\"><path d=\"M0 384.662V127.338c0-17.818 21.543-26.741 34.142-14.142l128.662 128.662c7.81 7.81 7.81 20.474 0 28.284L34.142 398.804C21.543 411.404 0 402.48 0 384.662z\"><\/path><\/svg><\/span>\n\t\t\t\t\t\t\t\t<span class=\"elementor-toggle-icon-opened\"><svg class=\"elementor-toggle-icon-opened e-font-icon-svg e-fas-caret-up\" viewBox=\"0 0 320 512\" xmlns=\"http:\/\/www.w3.org\/2000\/svg\"><path d=\"M288.662 352H31.338c-17.818 0-26.741-21.543-14.142-34.142l128.662-128.662c7.81-7.81 20.474-7.81 28.284 0l128.662 128.662c12.6 12.599 3.676 34.142-14.142 34.142z\"><\/path><\/svg><\/span>\n\t\t\t\t\t\t\t\t\t\t\t\t\t<\/span>\n\t\t\t\t\t\t\t\t\t\t\t\t<a class=\"elementor-toggle-title\" tabindex=\"0\">EL CONJUNTO HER\u00c1LDICO EXPRESA<\/a>\n\t\t\t\t\t<\/div>\n\n\t\t\t\t\t<div id=\"elementor-tab-content-9201\" class=\"elementor-tab-content elementor-clearfix\" data-tab=\"1\" role=\"region\" aria-labelledby=\"elementor-tab-title-9201\"><ul><li><strong>Cristocentrismo:<\/strong> la cruz en el coraz\u00f3n del escudo.<\/li><li><strong>Sabidur\u00eda y doctrina:<\/strong> el oro y el lema sapiencial.<\/li><li><strong>Misi\u00f3n y vigilancia pastoral:<\/strong> el \u00e1guila bic\u00e9fala.<\/li><li><strong>Disciplina apost\u00f3lica:<\/strong> el lema paulino del buen soldado.<\/li><li><strong>Realeza de servicio:<\/strong> las coronas sobre las cabezas del \u00e1guila.<\/li><li><strong>Unidad de contemplaci\u00f3n y misi\u00f3n:<\/strong> la doble mirada del \u00e1guila.<\/li><\/ul><\/div>\n\t\t\t\t<\/div>\n\t\t\t\t\t\t\t<div class=\"elementor-toggle-item\">\n\t\t\t\t\t<div id=\"elementor-tab-title-9202\" class=\"elementor-tab-title\" data-tab=\"2\" role=\"button\" aria-controls=\"elementor-tab-content-9202\" aria-expanded=\"false\">\n\t\t\t\t\t\t\t\t\t\t\t\t<span class=\"elementor-toggle-icon elementor-toggle-icon-left\" aria-hidden=\"true\">\n\t\t\t\t\t\t\t\t\t\t\t\t\t\t\t<span class=\"elementor-toggle-icon-closed\"><svg class=\"e-font-icon-svg e-fas-caret-right\" viewBox=\"0 0 192 512\" xmlns=\"http:\/\/www.w3.org\/2000\/svg\"><path d=\"M0 384.662V127.338c0-17.818 21.543-26.741 34.142-14.142l128.662 128.662c7.81 7.81 7.81 20.474 0 28.284L34.142 398.804C21.543 411.404 0 402.48 0 384.662z\"><\/path><\/svg><\/span>\n\t\t\t\t\t\t\t\t<span class=\"elementor-toggle-icon-opened\"><svg class=\"elementor-toggle-icon-opened e-font-icon-svg e-fas-caret-up\" viewBox=\"0 0 320 512\" xmlns=\"http:\/\/www.w3.org\/2000\/svg\"><path d=\"M288.662 352H31.338c-17.818 0-26.741-21.543-14.142-34.142l128.662-128.662c7.81-7.81 20.474-7.81 28.284 0l128.662 128.662c12.6 12.599 3.676 34.142-14.142 34.142z\"><\/path><\/svg><\/span>\n\t\t\t\t\t\t\t\t\t\t\t\t\t<\/span>\n\t\t\t\t\t\t\t\t\t\t\t\t<a class=\"elementor-toggle-title\" tabindex=\"0\">COMPOSICI\u00d3N CENTRAL<\/a>\n\t\t\t\t\t<\/div>\n\n\t\t\t\t\t<div id=\"elementor-tab-content-9202\" class=\"elementor-tab-content elementor-clearfix\" data-tab=\"2\" role=\"region\" aria-labelledby=\"elementor-tab-title-9202\"><p style=\"text-align: left;\">En composici\u00f3n central figura \u00e1guila bic\u00e9fala de sable, explayada y coronada, signo de autoridad espiritual, vigilancia doctrinal y amplitud de misi\u00f3n. La doble cabeza expresa la doble dimensi\u00f3n de la formaci\u00f3n sacerdotal: contemplativa y apost\u00f3lica; ciencia y santidad; fidelidad a la Tradici\u00f3n y lectura de los signos de los tiempos. Es s\u00edmbolo de la mirada que se eleva a Dios y se dirige al pueblo confiado al pastor.<\/p><p>Sobre su pecho se dispone escudo de oro, color her\u00e1ldico que representa la sabidur\u00eda divina, la claridad de la verdad revelada y la nobleza del ministerio sacerdotal. El oro alude a la luz que procede de Cristo, Sabidur\u00eda del Padre, que ilumina la inteligencia y purifica la voluntad del futuro presb\u00edtero.<\/p><p>En el centro del campo dorado aparece cruz flordelisada de gules, evocando la cruz misionera y sacerdotal. Her\u00e1ldicamente es una cruz con forma de espada, que une dos dimensiones esenciales:<\/p><ul><li><strong>Espada:<\/strong> la Palabra de Dios, viva y eficaz (cf. Heb 4,12), que el ministro anuncia con valent\u00eda.<\/li><li><strong>Cruz:<\/strong> el seguimiento sacrificial de Cristo.<\/li><\/ul><p>El color rojo expresa el ardor misionero, la caridad pastoral y el testimonio hasta la entrega total. La Cruz de Santiago remite al ap\u00f3stol peregrino y evangelizador, modelo de disc\u00edpulo enviado, y vincula el ideal formativo con la espiritualidad del camino, la misi\u00f3n y la disponibilidad apost\u00f3lica.<\/p><\/div>\n\t\t\t\t<\/div>\n\t\t\t\t\t\t\t<div class=\"elementor-toggle-item\">\n\t\t\t\t\t<div id=\"elementor-tab-title-9203\" class=\"elementor-tab-title\" data-tab=\"3\" role=\"button\" aria-controls=\"elementor-tab-content-9203\" aria-expanded=\"false\">\n\t\t\t\t\t\t\t\t\t\t\t\t<span class=\"elementor-toggle-icon elementor-toggle-icon-left\" aria-hidden=\"true\">\n\t\t\t\t\t\t\t\t\t\t\t\t\t\t\t<span class=\"elementor-toggle-icon-closed\"><svg class=\"e-font-icon-svg e-fas-caret-right\" viewBox=\"0 0 192 512\" xmlns=\"http:\/\/www.w3.org\/2000\/svg\"><path d=\"M0 384.662V127.338c0-17.818 21.543-26.741 34.142-14.142l128.662 128.662c7.81 7.81 7.81 20.474 0 28.284L34.142 398.804C21.543 411.404 0 402.48 0 384.662z\"><\/path><\/svg><\/span>\n\t\t\t\t\t\t\t\t<span class=\"elementor-toggle-icon-opened\"><svg class=\"elementor-toggle-icon-opened e-font-icon-svg e-fas-caret-up\" viewBox=\"0 0 320 512\" xmlns=\"http:\/\/www.w3.org\/2000\/svg\"><path d=\"M288.662 352H31.338c-17.818 0-26.741-21.543-14.142-34.142l128.662-128.662c7.81-7.81 20.474-7.81 28.284 0l128.662 128.662c12.6 12.599 3.676 34.142-14.142 34.142z\"><\/path><\/svg><\/span>\n\t\t\t\t\t\t\t\t\t\t\t\t\t<\/span>\n\t\t\t\t\t\t\t\t\t\t\t\t<a class=\"elementor-toggle-title\" tabindex=\"0\">DEFINICI\u00d3N DEL LEMA<\/a>\n\t\t\t\t\t<\/div>\n\n\t\t\t\t\t<div id=\"elementor-tab-content-9203\" class=\"elementor-tab-content elementor-clearfix\" data-tab=\"3\" role=\"region\" aria-labelledby=\"elementor-tab-title-9203\"><p>Bajo el escudo se despliega la cinta con el lema: <strong>BONUS MILES CHRISTI JESU<\/strong> (Buen soldado de Cristo Jes\u00fas (2 Tim 2,3).<\/p>\n<p>Lema paulino que define la espiritualidad disciplinada del candidato al sacerdocio: fidelidad, fortaleza interior, obediencia, perseverancia y combate espiritual. No se trata de lucha mundana, sino de firmeza evang\u00e9lica y entrega total al servicio de Cristo y de la Iglesia.<\/p>\n<p>En bordura circular exterior se lee: <strong>SIBI DOMUM + SAPIENTIA AEDIFICAVIT<\/strong> (La Sabidur\u00eda se edific\u00f3 su casa (Prov 9,1).<\/p>\n<p>En clave cristol\u00f3gica, la Sabidur\u00eda es el Verbo encarnado. El seminario aparece, as\u00ed como casa edificada por la Sabidur\u00eda divina, lugar donde Dios forma interiormente a sus ministros. No es solo instituci\u00f3n acad\u00e9mica, sino espacio de configuraci\u00f3n con Cristo Sacerdote.<\/p><\/div>\n\t\t\t\t<\/div>\n\t\t\t\t\t\t\t<div class=\"elementor-toggle-item\">\n\t\t\t\t\t<div id=\"elementor-tab-title-9204\" class=\"elementor-tab-title\" data-tab=\"4\" role=\"button\" aria-controls=\"elementor-tab-content-9204\" aria-expanded=\"false\">\n\t\t\t\t\t\t\t\t\t\t\t\t<span class=\"elementor-toggle-icon elementor-toggle-icon-left\" aria-hidden=\"true\">\n\t\t\t\t\t\t\t\t\t\t\t\t\t\t\t<span class=\"elementor-toggle-icon-closed\"><svg class=\"e-font-icon-svg e-fas-caret-right\" viewBox=\"0 0 192 512\" xmlns=\"http:\/\/www.w3.org\/2000\/svg\"><path d=\"M0 384.662V127.338c0-17.818 21.543-26.741 34.142-14.142l128.662 128.662c7.81 7.81 7.81 20.474 0 28.284L34.142 398.804C21.543 411.404 0 402.48 0 384.662z\"><\/path><\/svg><\/span>\n\t\t\t\t\t\t\t\t<span class=\"elementor-toggle-icon-opened\"><svg class=\"elementor-toggle-icon-opened e-font-icon-svg e-fas-caret-up\" viewBox=\"0 0 320 512\" xmlns=\"http:\/\/www.w3.org\/2000\/svg\"><path d=\"M288.662 352H31.338c-17.818 0-26.741-21.543-14.142-34.142l128.662-128.662c7.81-7.81 20.474-7.81 28.284 0l128.662 128.662c12.6 12.599 3.676 34.142-14.142 34.142z\"><\/path><\/svg><\/span>\n\t\t\t\t\t\t\t\t\t\t\t\t\t<\/span>\n\t\t\t\t\t\t\t\t\t\t\t\t<a class=\"elementor-toggle-title\" tabindex=\"0\">S\u00cdNTESIS SIMB\u00d3LICA FORMATIVA<\/a>\n\t\t\t\t\t<\/div>\n\n\t\t\t\t\t<div id=\"elementor-tab-content-9204\" class=\"elementor-tab-content elementor-clearfix\" data-tab=\"4\" role=\"region\" aria-labelledby=\"elementor-tab-title-9204\"><p>El escudo proclama que el Seminario es:<\/p><p>\u00a0<\/p><ul><li>Casa de la Sabidur\u00eda divina<\/li><li>Taller de configuraci\u00f3n apost\u00f3lica<\/li><li>Escuela de disciplina espiritual<\/li><li>Forja de misioneros sacerdotes<\/li><li>Comunidad de contemplaci\u00f3n y anuncio<\/li><li>Camino de seguimiento y env\u00edo, bajo el signo de Santiago Ap\u00f3stol<\/li><\/ul><p>\u00a0<\/p><p>El escudo proclama as\u00ed que el seminario es casa de la Sabidur\u00eda, escuela de configuraci\u00f3n con Cristo y forja de ministros que, iluminados por la verdad y fortalecidos por la gracia, sirven a la Iglesia con ciencia, virtud y celo pastoral.<\/p><p>\u00a0<\/p><p><strong>Autor: JORGE ENRIQUE GALVIS SEP\u00daLVEDA<\/strong><\/p><\/div>\n\t\t\t\t<\/div>\n\t\t\t\t\t\t\t\t<\/div>\n\t\t\t\t<\/div>\n\t\t\t\t<\/div>\n\t\t\t\t\t<\/div>\n\t\t\t\t<\/div>\n\t\t\t\t<\/div>\n\t\t","protected":false},"excerpt":{"rendered":"<p>BANDERA SEMINARIO CONCILIAR TUNJA DESCRIPCI\u00d3N HER\u00c1LDICA La bandera del Seminario Conciliar de Tunja, posee forma rectangular s\u00edmbolo de identidad, orgullo y pertenencia a esta instituci\u00f3n emblem\u00e1tica. Tiene tres campos de colores: Amarillo, negro y blanco. Sobre ella yace el escudo\u00a0institucional, rodeado por una inscripci\u00f3n latina [&hellip;]<\/p>\n","protected":false},"author":1,"featured_media":0,"parent":0,"menu_order":0,"comment_status":"closed","ping_status":"closed","template":"","meta":{"_eb_attr":"","footnotes":""},"yoast_head":"<!-- This site is optimized with the Yoast SEO plugin v22.0 - https:\/\/yoast.com\/wordpress\/plugins\/seo\/ -->\n<title>Simbolos - Seminario Conciliar Tunja<\/title>\n<meta name=\"robots\" content=\"index, follow, max-snippet:-1, max-image-preview:large, max-video-preview:-1\" \/>\n<link rel=\"canonical\" href=\"https:\/\/seminariotunja.com.co\/index.php\/simbolos\/\" \/>\n<meta property=\"og:locale\" content=\"es_ES\" \/>\n<meta property=\"og:type\" content=\"article\" \/>\n<meta property=\"og:title\" content=\"Simbolos - Seminario Conciliar Tunja\" \/>\n<meta property=\"og:description\" content=\"BANDERA SEMINARIO CONCILIAR TUNJA DESCRIPCI\u00d3N HER\u00c1LDICA La bandera del Seminario Conciliar de Tunja, posee forma rectangular s\u00edmbolo de identidad, orgullo y pertenencia a esta instituci\u00f3n emblem\u00e1tica. Tiene tres campos de colores: Amarillo, negro y blanco. Sobre ella yace el escudo\u00a0institucional, rodeado por una inscripci\u00f3n latina [&hellip;]\" \/>\n<meta property=\"og:url\" content=\"https:\/\/seminariotunja.com.co\/index.php\/simbolos\/\" \/>\n<meta property=\"og:site_name\" content=\"Seminario Conciliar Tunja\" \/>\n<meta property=\"article:publisher\" content=\"https:\/\/www.facebook.com\/seminarioconciliardetunja\" \/>\n<meta property=\"article:modified_time\" content=\"2026-03-06T13:27:18+00:00\" \/>\n<meta property=\"og:image\" content=\"https:\/\/seminariotunja.com.co\/wp-content\/uploads\/2023\/06\/Bandera-seminario-1024x576.png\" \/>\n<meta name=\"twitter:card\" content=\"summary_large_image\" \/>\n<meta name=\"twitter:site\" content=\"@seminariotun\" \/>\n<meta name=\"twitter:label1\" content=\"Tiempo de lectura\" \/>\n\t<meta name=\"twitter:data1\" content=\"6 minutos\" \/>\n<script type=\"application\/ld+json\" class=\"yoast-schema-graph\">{\"@context\":\"https:\/\/schema.org\",\"@graph\":[{\"@type\":\"WebPage\",\"@id\":\"https:\/\/seminariotunja.com.co\/index.php\/simbolos\/\",\"url\":\"https:\/\/seminariotunja.com.co\/index.php\/simbolos\/\",\"name\":\"Simbolos - Seminario Conciliar Tunja\",\"isPartOf\":{\"@id\":\"https:\/\/seminariotunja.com.co\/#website\"},\"datePublished\":\"2023-06-24T04:46:25+00:00\",\"dateModified\":\"2026-03-06T13:27:18+00:00\",\"breadcrumb\":{\"@id\":\"https:\/\/seminariotunja.com.co\/index.php\/simbolos\/#breadcrumb\"},\"inLanguage\":\"es\",\"potentialAction\":[{\"@type\":\"ReadAction\",\"target\":[\"https:\/\/seminariotunja.com.co\/index.php\/simbolos\/\"]}]},{\"@type\":\"BreadcrumbList\",\"@id\":\"https:\/\/seminariotunja.com.co\/index.php\/simbolos\/#breadcrumb\",\"itemListElement\":[{\"@type\":\"ListItem\",\"position\":1,\"name\":\"Portada\",\"item\":\"https:\/\/seminariotunja.com.co\/\"},{\"@type\":\"ListItem\",\"position\":2,\"name\":\"Simbolos\"}]},{\"@type\":\"WebSite\",\"@id\":\"https:\/\/seminariotunja.com.co\/#website\",\"url\":\"https:\/\/seminariotunja.com.co\/\",\"name\":\"Seminario Conciliar Tunja\",\"description\":\"Seminario Mayor Conciliar San Jos\u00e9 de Tunja\",\"publisher\":{\"@id\":\"https:\/\/seminariotunja.com.co\/#organization\"},\"potentialAction\":[{\"@type\":\"SearchAction\",\"target\":{\"@type\":\"EntryPoint\",\"urlTemplate\":\"https:\/\/seminariotunja.com.co\/?s={search_term_string}\"},\"query-input\":\"required name=search_term_string\"}],\"inLanguage\":\"es\"},{\"@type\":\"Organization\",\"@id\":\"https:\/\/seminariotunja.com.co\/#organization\",\"name\":\"Seminario Mayor Conciliar San Jos\u00e9 de Tunja\",\"url\":\"https:\/\/seminariotunja.com.co\/\",\"logo\":{\"@type\":\"ImageObject\",\"inLanguage\":\"es\",\"@id\":\"https:\/\/seminariotunja.com.co\/#\/schema\/logo\/image\/\",\"url\":\"https:\/\/seminariotunja.com.co\/wp-content\/uploads\/2023\/06\/cropped-logo-seminario.png\",\"contentUrl\":\"https:\/\/seminariotunja.com.co\/wp-content\/uploads\/2023\/06\/cropped-logo-seminario.png\",\"width\":512,\"height\":512,\"caption\":\"Seminario Mayor Conciliar San Jos\u00e9 de Tunja\"},\"image\":{\"@id\":\"https:\/\/seminariotunja.com.co\/#\/schema\/logo\/image\/\"},\"sameAs\":[\"https:\/\/www.facebook.com\/seminarioconciliardetunja\",\"https:\/\/twitter.com\/seminariotun\",\"https:\/\/www.youtube.com\/@seminarioconciliardetunja9101\"]}]}<\/script>\n<!-- \/ Yoast SEO plugin. -->","yoast_head_json":{"title":"Simbolos - Seminario Conciliar Tunja","robots":{"index":"index","follow":"follow","max-snippet":"max-snippet:-1","max-image-preview":"max-image-preview:large","max-video-preview":"max-video-preview:-1"},"canonical":"https:\/\/seminariotunja.com.co\/index.php\/simbolos\/","og_locale":"es_ES","og_type":"article","og_title":"Simbolos - Seminario Conciliar Tunja","og_description":"BANDERA SEMINARIO CONCILIAR TUNJA DESCRIPCI\u00d3N HER\u00c1LDICA La bandera del Seminario Conciliar de Tunja, posee forma rectangular s\u00edmbolo de identidad, orgullo y pertenencia a esta instituci\u00f3n emblem\u00e1tica. Tiene tres campos de colores: Amarillo, negro y blanco. Sobre ella yace el escudo\u00a0institucional, rodeado por una inscripci\u00f3n latina [&hellip;]","og_url":"https:\/\/seminariotunja.com.co\/index.php\/simbolos\/","og_site_name":"Seminario Conciliar Tunja","article_publisher":"https:\/\/www.facebook.com\/seminarioconciliardetunja","article_modified_time":"2026-03-06T13:27:18+00:00","og_image":[{"url":"https:\/\/seminariotunja.com.co\/wp-content\/uploads\/2023\/06\/Bandera-seminario-1024x576.png"}],"twitter_card":"summary_large_image","twitter_site":"@seminariotun","twitter_misc":{"Tiempo de lectura":"6 minutos"},"schema":{"@context":"https:\/\/schema.org","@graph":[{"@type":"WebPage","@id":"https:\/\/seminariotunja.com.co\/index.php\/simbolos\/","url":"https:\/\/seminariotunja.com.co\/index.php\/simbolos\/","name":"Simbolos - Seminario Conciliar Tunja","isPartOf":{"@id":"https:\/\/seminariotunja.com.co\/#website"},"datePublished":"2023-06-24T04:46:25+00:00","dateModified":"2026-03-06T13:27:18+00:00","breadcrumb":{"@id":"https:\/\/seminariotunja.com.co\/index.php\/simbolos\/#breadcrumb"},"inLanguage":"es","potentialAction":[{"@type":"ReadAction","target":["https:\/\/seminariotunja.com.co\/index.php\/simbolos\/"]}]},{"@type":"BreadcrumbList","@id":"https:\/\/seminariotunja.com.co\/index.php\/simbolos\/#breadcrumb","itemListElement":[{"@type":"ListItem","position":1,"name":"Portada","item":"https:\/\/seminariotunja.com.co\/"},{"@type":"ListItem","position":2,"name":"Simbolos"}]},{"@type":"WebSite","@id":"https:\/\/seminariotunja.com.co\/#website","url":"https:\/\/seminariotunja.com.co\/","name":"Seminario Conciliar Tunja","description":"Seminario Mayor Conciliar San Jos\u00e9 de Tunja","publisher":{"@id":"https:\/\/seminariotunja.com.co\/#organization"},"potentialAction":[{"@type":"SearchAction","target":{"@type":"EntryPoint","urlTemplate":"https:\/\/seminariotunja.com.co\/?s={search_term_string}"},"query-input":"required name=search_term_string"}],"inLanguage":"es"},{"@type":"Organization","@id":"https:\/\/seminariotunja.com.co\/#organization","name":"Seminario Mayor Conciliar San Jos\u00e9 de Tunja","url":"https:\/\/seminariotunja.com.co\/","logo":{"@type":"ImageObject","inLanguage":"es","@id":"https:\/\/seminariotunja.com.co\/#\/schema\/logo\/image\/","url":"https:\/\/seminariotunja.com.co\/wp-content\/uploads\/2023\/06\/cropped-logo-seminario.png","contentUrl":"https:\/\/seminariotunja.com.co\/wp-content\/uploads\/2023\/06\/cropped-logo-seminario.png","width":512,"height":512,"caption":"Seminario Mayor Conciliar San Jos\u00e9 de Tunja"},"image":{"@id":"https:\/\/seminariotunja.com.co\/#\/schema\/logo\/image\/"},"sameAs":["https:\/\/www.facebook.com\/seminarioconciliardetunja","https:\/\/twitter.com\/seminariotun","https:\/\/www.youtube.com\/@seminarioconciliardetunja9101"]}]}},"_links":{"self":[{"href":"https:\/\/seminariotunja.com.co\/index.php\/wp-json\/wp\/v2\/pages\/2046"}],"collection":[{"href":"https:\/\/seminariotunja.com.co\/index.php\/wp-json\/wp\/v2\/pages"}],"about":[{"href":"https:\/\/seminariotunja.com.co\/index.php\/wp-json\/wp\/v2\/types\/page"}],"author":[{"embeddable":true,"href":"https:\/\/seminariotunja.com.co\/index.php\/wp-json\/wp\/v2\/users\/1"}],"replies":[{"embeddable":true,"href":"https:\/\/seminariotunja.com.co\/index.php\/wp-json\/wp\/v2\/comments?post=2046"}],"version-history":[{"count":51,"href":"https:\/\/seminariotunja.com.co\/index.php\/wp-json\/wp\/v2\/pages\/2046\/revisions"}],"predecessor-version":[{"id":4857,"href":"https:\/\/seminariotunja.com.co\/index.php\/wp-json\/wp\/v2\/pages\/2046\/revisions\/4857"}],"wp:attachment":[{"href":"https:\/\/seminariotunja.com.co\/index.php\/wp-json\/wp\/v2\/media?parent=2046"}],"curies":[{"name":"wp","href":"https:\/\/api.w.org\/{rel}","templated":true}]}}